{"id":653,"date":"2020-12-12T08:55:55","date_gmt":"2020-12-12T07:55:55","guid":{"rendered":"https:\/\/bournan.fr\/?page_id=653"},"modified":"2020-12-26T12:38:55","modified_gmt":"2020-12-26T11:38:55","slug":"tourisme","status":"publish","type":"page","link":"https:\/\/bournan.fr\/?page_id=653","title":{"rendered":"Tourisme"},"content":{"rendered":"\n<div class=\"wp-block-cover\" style=\"background-image:url(https:\/\/bournan.fr\/wp-content\/uploads\/2020\/12\/Pano-VueGeneraleBournan-11-scaled.jpg);min-height:299px;aspect-ratio:unset;\"><div class=\"wp-block-cover__inner-container is-layout-flow wp-block-cover-is-layout-flow\">\n<p class=\"has-text-align-left has-large-font-size\">D\u00e9veloppement Touristique<\/p>\n\n\n\n<p><\/p>\n\n\n\n<p><\/p>\n\n\n\n<p>.<\/p>\n<\/div><\/div>\n\n\n\n<div class=\"wp-block-columns is-layout-flex wp-container-core-columns-is-layout-9d6595d7 wp-block-columns-is-layout-flex\">\n<div class=\"wp-block-column is-layout-flow wp-block-column-is-layout-flow\">\n<pre class=\"wp-block-preformatted\"><strong>Situation g\u00e9ographique.<\/strong>\n\nId\u00e9alement  plac\u00e9 \u00e0 environ 30 Km au sud de Tours, Bournan\nest situ\u00e9 au  c\u0153ur de la Touraine, de ses ch\u00e2teaux et de ses\nmonuments historiques. \n\nDepuis Bournan, vous pourrez  ainsi acc\u00e9der \u00e0 la plus grande\npartie de ces joyaux architecturaux en moins  d'une heure de\nroute.\n\nCe n'est pas tout : de par sa situation proche de l'A10 (10 Km)\nvous arriverez au FUTUROSCOPE de Poitiers en une heure.\nPour le Zoo Parc de Beauval, il faudra compter 54&nbsp; minutes.\n\nSi vous \u00eates amateur de bons vins, la vall\u00e9e de la Loire, toute\nproche, vous d\u00e9voilera tous ses tr\u00e9sors.\n\nBien d'autres activit\u00e9s culturelles, gastronomiques ou sportives\nvous attendent autour de Bournan.\n\nVous  pourrez pratiquer de multiples activit\u00e9s dans les\nenvirons, comme par exemple :       \n          Visite des  ch\u00e2teaux, \n          Visite des caves viticoles (et d\u00e9gustation !), \n          Randonn\u00e9e p\u00e9destre,\n          Circuit v\u00e9lo-tourisme ou VTT\n          ...<\/pre>\n<\/div>\n\n\n\n<div class=\"wp-block-column is-layout-flow wp-block-column-is-layout-flow\">\n<div class=\"wp-block-columns is-layout-flex wp-container-core-columns-is-layout-9d6595d7 wp-block-columns-is-layout-flex\">\n<div class=\"wp-block-column is-layout-flow wp-block-column-is-layout-flow\">\n<figure class=\"wp-block-image size-large is-style-rounded\"><img data-recalc-dims=\"1\" loading=\"lazy\" decoding=\"async\" width=\"929\" height=\"830\" src=\"https:\/\/i0.wp.com\/bournan.fr\/wp-content\/uploads\/2020\/12\/Escapade.jpg?resize=929%2C830&#038;ssl=1\" alt=\"\" class=\"wp-image-769\" srcset=\"https:\/\/i0.wp.com\/bournan.fr\/wp-content\/uploads\/2020\/12\/Escapade.jpg?w=929&amp;ssl=1 929w, https:\/\/i0.wp.com\/bournan.fr\/wp-content\/uploads\/2020\/12\/Escapade.jpg?resize=300%2C268&amp;ssl=1 300w, https:\/\/i0.wp.com\/bournan.fr\/wp-content\/uploads\/2020\/12\/Escapade.jpg?resize=768%2C686&amp;ssl=1 768w\" sizes=\"auto, (max-width: 929px) 100vw, 929px\" \/><\/figure>\n\n\n\n<p style=\"font-size:17px\">L&#8217;escapade<\/p>\n<\/div>\n\n\n\n<div class=\"wp-block-column is-layout-flow wp-block-column-is-layout-flow\">\n<figure class=\"wp-block-image size-large is-style-default\"><img data-recalc-dims=\"1\" loading=\"lazy\" decoding=\"async\" width=\"1024\" height=\"485\" src=\"https:\/\/i0.wp.com\/bournan.fr\/wp-content\/uploads\/2020\/12\/20190721_182128.jpg?resize=1024%2C485&#038;ssl=1\" alt=\"\" class=\"wp-image-770\" srcset=\"https:\/\/i0.wp.com\/bournan.fr\/wp-content\/uploads\/2020\/12\/20190721_182128-scaled.jpg?resize=1024%2C485&amp;ssl=1 1024w, https:\/\/i0.wp.com\/bournan.fr\/wp-content\/uploads\/2020\/12\/20190721_182128-scaled.jpg?resize=300%2C142&amp;ssl=1 300w, https:\/\/i0.wp.com\/bournan.fr\/wp-content\/uploads\/2020\/12\/20190721_182128-scaled.jpg?resize=768%2C363&amp;ssl=1 768w, https:\/\/i0.wp.com\/bournan.fr\/wp-content\/uploads\/2020\/12\/20190721_182128-scaled.jpg?resize=1536%2C727&amp;ssl=1 1536w, https:\/\/i0.wp.com\/bournan.fr\/wp-content\/uploads\/2020\/12\/20190721_182128-scaled.jpg?resize=2048%2C969&amp;ssl=1 2048w, https:\/\/i0.wp.com\/bournan.fr\/wp-content\/uploads\/2020\/12\/20190721_182128-scaled.jpg?w=2400&amp;ssl=1 2400w\" sizes=\"auto, (max-width: 1024px) 100vw, 1024px\" \/><\/figure>\n\n\n\n<p style=\"font-size:17px\">Le Verger des Hirondelles<\/p>\n<\/div>\n<\/div>\n\n\n\n<div class=\"wp-block-image is-style-rounded\"><figure class=\"aligncenter size-large is-resized\"><img data-recalc-dims=\"1\" loading=\"lazy\" decoding=\"async\" src=\"https:\/\/i0.wp.com\/bournan.fr\/wp-content\/uploads\/2020\/12\/Chevrettes.jpg?resize=303%2C144&#038;ssl=1\" alt=\"\" class=\"wp-image-771\" width=\"303\" height=\"144\" srcset=\"https:\/\/i0.wp.com\/bournan.fr\/wp-content\/uploads\/2020\/12\/Chevrettes.jpg?resize=1024%2C489&amp;ssl=1 1024w, https:\/\/i0.wp.com\/bournan.fr\/wp-content\/uploads\/2020\/12\/Chevrettes.jpg?resize=300%2C143&amp;ssl=1 300w, https:\/\/i0.wp.com\/bournan.fr\/wp-content\/uploads\/2020\/12\/Chevrettes.jpg?resize=768%2C367&amp;ssl=1 768w, https:\/\/i0.wp.com\/bournan.fr\/wp-content\/uploads\/2020\/12\/Chevrettes.jpg?w=1088&amp;ssl=1 1088w\" sizes=\"auto, (max-width: 303px) 100vw, 303px\" \/><\/figure><\/div>\n\n\n\n<p>Les Chevrettes<\/p>\n<\/div>\n\n\n\n<div class=\"wp-block-column is-layout-flow wp-block-column-is-layout-flow\">\n<pre class=\"wp-block-preformatted\"><strong>Les h\u00e9bergements disponibles \u00e0 Bournan.<\/strong>\n\n<span class=\"has-inline-color has-vivid-cyan-blue-color\"><strong>Le g\u00eete des chevrettes (G\u00eete \u00e0 la ferme)<\/strong><\/span>\n<span class=\"has-inline-color has-black-color\">Bernadette et Hubert R\u00e9gnier<\/span>\nVous y trouverez deux grands g\u00eetes. une piscine couverte et\nchauff\u00e9e toute l'ann\u00e9e                            \n06 85 52 50 77\n<strong>\n<span class=\"has-inline-color has-vivid-cyan-blue-color\">Le Verger des Hirondelles.<\/span><\/strong>\nB\u00e9atrix et Didier Villion\nVous y trouverez un g\u00eete et trois chambres d'h\u00f4tes (dont une\nroulotte). La piscine couverte (en fonction de la m\u00e9t\u00e9o) est\ndisponible de mai \u00e0 fin septembre.\n06 31 16 95 89\n<a href=\"https:\/\/www.le-verger-des-hirondelles.com\/\" data-type=\"URL\" data-id=\"https:\/\/www.le-verger-des-hirondelles.com\/\" target=\"_blank\" rel=\"noreferrer noopener\">le-verger-des-hirondelles.com<\/a>\n\n<strong><span class=\"has-inline-color has-vivid-cyan-blue-color\">L'escapade<\/span><\/strong>\nJean-Pierre Jallet\nVous y trouverez une suite en duplex de 40 m\u00b2. La piscine est\nchauff\u00e9e de mai \u00e0 septembre.\n<a href=\"https:\/\/lescapadechambredhotes.wordpress.com\/\" data-type=\"URL\" data-id=\"https:\/\/lescapadechambredhotes.wordpress.com\/\" target=\"_blank\" rel=\"noreferrer noopener\">L'escapade<\/a>\n<\/pre>\n\n\n\n<p><\/p>\n<\/div>\n<\/div>\n\n\n\n<p><a href=\"https:\/\/www.klapty.com\/tour\/3m20OJ5Iae\" data-type=\"URL\" data-id=\"https:\/\/www.klapty.com\/tour\/3m20OJ5Iae\">360<\/a><\/p>\n","protected":false},"excerpt":{"rendered":"<p>Situation g\u00e9ographique. Id\u00e9alement plac\u00e9 \u00e0 environ 30 Km au sud de Tours, Bournan est situ\u00e9 au c\u0153ur de la Touraine, de ses ch\u00e2teaux et de ses monuments historiques. Depuis Bournan, vous pourrez ainsi acc\u00e9der \u00e0 la plus grande partie de ces joyaux architecturaux en moins d&#8217;une heure de route. Ce n&#8217;est pas tout : de &#8230; <a title=\"Tourisme\" class=\"read-more\" href=\"https:\/\/bournan.fr\/?page_id=653\" aria-label=\"En savoir plus sur Tourisme\">Lire la suite<\/a><\/p>\n","protected":false},"author":1,"featured_media":0,"parent":18,"menu_order":3,"comment_status":"closed","ping_status":"closed","template":"","meta":{"ngg_post_thumbnail":0,"footnotes":""},"class_list":["post-653","page","type-page","status-publish"],"jetpack_sharing_enabled":true,"_links":{"self":[{"href":"https:\/\/bournan.fr\/index.php?rest_route=\/wp\/v2\/pages\/653","targetHints":{"allow":["GET"]}}],"collection":[{"href":"https:\/\/bournan.fr\/index.php?rest_route=\/wp\/v2\/pages"}],"about":[{"href":"https:\/\/bournan.fr\/index.php?rest_route=\/wp\/v2\/types\/page"}],"author":[{"embeddable":true,"href":"https:\/\/bournan.fr\/index.php?rest_route=\/wp\/v2\/users\/1"}],"replies":[{"embeddable":true,"href":"https:\/\/bournan.fr\/index.php?rest_route=%2Fwp%2Fv2%2Fcomments&post=653"}],"version-history":[{"count":8,"href":"https:\/\/bournan.fr\/index.php?rest_route=\/wp\/v2\/pages\/653\/revisions"}],"predecessor-version":[{"id":899,"href":"https:\/\/bournan.fr\/index.php?rest_route=\/wp\/v2\/pages\/653\/revisions\/899"}],"up":[{"embeddable":true,"href":"https:\/\/bournan.fr\/index.php?rest_route=\/wp\/v2\/pages\/18"}],"wp:attachment":[{"href":"https:\/\/bournan.fr\/index.php?rest_route=%2Fwp%2Fv2%2Fmedia&parent=653"}],"curies":[{"name":"wp","href":"https:\/\/api.w.org\/{rel}","templated":true}]}}